{"id":48185,"date":"2021-12-16T08:50:01","date_gmt":"2021-12-16T06:50:01","guid":{"rendered":"https:\/\/moreda.com\/actualite\/communications-officielles\/"},"modified":"2025-05-22T09:03:22","modified_gmt":"2025-05-22T07:03:22","slug":"communications-officielles","status":"publish","type":"page","link":"https:\/\/moreda.com\/fr\/actualite\/communications-officielles\/","title":{"rendered":"Communications officielles"},"content":{"rendered":"\t\t<div data-elementor-type=\"wp-page\" data-elementor-id=\"48185\" class=\"elementor elementor-48185 elementor-13303\" data-elementor-post-type=\"page\">\n\t\t\t\t\t\t<section class=\"elementor-section elementor-top-section elementor-element elementor-element-a982930 elementor-section-full_width elementor-section-height-min-height elementor-section-height-default elementor-section-items-middle\" data-id=\"a982930\" data-element_type=\"section\" data-e-type=\"section\" data-settings=\"{&quot;background_background&quot;:&quot;classic&quot;}\">\n\t\t\t\t\t\t<div class=\"elementor-container elementor-column-gap-default\">\n\t\t\t\t\t<div class=\"elementor-column elementor-col-100 elementor-top-column elementor-element elementor-element-96822cc\" data-id=\"96822cc\" data-element_type=\"column\" data-e-type=\"column\">\n\t\t\t<div class=\"elementor-widget-wrap elementor-element-populated\">\n\t\t\t\t\t\t<div class=\"elementor-element elementor-element-573cf2d elementor-widget elementor-widget-heading\" data-id=\"573cf2d\" data-element_type=\"widget\" data-e-type=\"widget\" data-widget_type=\"heading.default\">\n\t\t\t\t<div class=\"elementor-widget-container\">\n\t\t\t\t\t<h1 class=\"elementor-heading-title elementor-size-default\">COMMUNICATIONS OFFICIELLES<\/h1>\t\t\t\t<\/div>\n\t\t\t\t<\/div>\n\t\t\t\t\t<\/div>\n\t\t<\/div>\n\t\t\t\t\t<\/div>\n\t\t<\/section>\n\t\t\t\t<section class=\"elementor-section elementor-top-section elementor-element elementor-element-230087f elementor-section-boxed elementor-section-height-default elementor-section-height-default\" data-id=\"230087f\" data-element_type=\"section\" data-e-type=\"section\">\n\t\t\t\t\t\t<div class=\"elementor-container elementor-column-gap-default\">\n\t\t\t\t\t<div class=\"elementor-column elementor-col-100 elementor-top-column elementor-element elementor-element-c28d272\" data-id=\"c28d272\" data-element_type=\"column\" data-e-type=\"column\">\n\t\t\t<div class=\"elementor-widget-wrap elementor-element-populated\">\n\t\t\t\t\t\t<div class=\"elementor-element elementor-element-61d09d0 elementor-widget elementor-widget-spacer\" data-id=\"61d09d0\" data-element_type=\"widget\" data-e-type=\"widget\" data-widget_type=\"spacer.default\">\n\t\t\t\t<div class=\"elementor-widget-container\">\n\t\t\t\t\t\t\t<div class=\"elementor-spacer\">\n\t\t\t<div class=\"elementor-spacer-inner\"><\/div>\n\t\t<\/div>\n\t\t\t\t\t\t<\/div>\n\t\t\t\t<\/div>\n\t\t\t\t<div class=\"elementor-element elementor-element-d105d4e elementor-align-flex-start elementor-widget elementor-widget-raven-breadcrumbs\" data-id=\"d105d4e\" data-element_type=\"widget\" data-e-type=\"widget\" data-widget_type=\"raven-breadcrumbs.default\">\n\t\t\t\t<div class=\"elementor-widget-container\">\n\t\t\t\t\t<div class=\"raven-breadcrumbs raven-breadcrumbs-default\"><div class=\"breadcrumb\">\t\t\t\t<div class=\"breadcrumb-item active\" aria-current=\"page\"><span>Home<\/span><\/div>\n\n\t\t\t\t<\/div><\/div>\t\t\t\t<\/div>\n\t\t\t\t<\/div>\n\t\t\t\t<div class=\"elementor-element elementor-element-54f3f7c elementor-widget elementor-widget-spacer\" data-id=\"54f3f7c\" data-element_type=\"widget\" data-e-type=\"widget\" data-widget_type=\"spacer.default\">\n\t\t\t\t<div class=\"elementor-widget-container\">\n\t\t\t\t\t\t\t<div class=\"elementor-spacer\">\n\t\t\t<div class=\"elementor-spacer-inner\"><\/div>\n\t\t<\/div>\n\t\t\t\t\t\t<\/div>\n\t\t\t\t<\/div>\n\t\t\t\t\t<\/div>\n\t\t<\/div>\n\t\t\t\t\t<\/div>\n\t\t<\/section>\n\t\t\t\t<section class=\"elementor-section elementor-top-section elementor-element elementor-element-a9be6a0 elementor-section-boxed elementor-section-height-default elementor-section-height-default\" data-id=\"a9be6a0\" data-element_type=\"section\" data-e-type=\"section\">\n\t\t\t\t\t\t<div class=\"elementor-container elementor-column-gap-default\">\n\t\t\t\t\t<div class=\"elementor-column elementor-col-100 elementor-top-column elementor-element elementor-element-c8bc409\" data-id=\"c8bc409\" data-element_type=\"column\" data-e-type=\"column\">\n\t\t\t<div class=\"elementor-widget-wrap elementor-element-populated\">\n\t\t\t\t\t\t<div class=\"elementor-element elementor-element-dd4a5a1 elementor-widget elementor-widget-accordion\" data-id=\"dd4a5a1\" data-element_type=\"widget\" data-e-type=\"widget\" data-widget_type=\"accordion.default\">\n\t\t\t\t<div class=\"elementor-widget-container\">\n\t\t\t\t\t\t\t<div class=\"elementor-accordion\">\n\t\t\t\t\t\t\t<div class=\"elementor-accordion-item\">\n\t\t\t\t\t<div id=\"elementor-tab-title-2321\" class=\"elementor-tab-title\" data-tab=\"1\" role=\"button\" aria-controls=\"elementor-tab-content-2321\" aria-expanded=\"false\">\n\t\t\t\t\t\t\t\t\t\t\t\t\t<span class=\"elementor-accordion-icon elementor-accordion-icon-left\" aria-hidden=\"true\">\n\t\t\t\t\t\t\t\t\t\t\t\t\t\t\t<span class=\"elementor-accordion-icon-closed\"><i class=\"fas fa-plus\"><\/i><\/span>\n\t\t\t\t\t\t\t\t<span class=\"elementor-accordion-icon-opened\"><i class=\"fas fa-minus\"><\/i><\/span>\n\t\t\t\t\t\t\t\t\t\t\t\t\t\t<\/span>\n\t\t\t\t\t\t\t\t\t\t\t\t<a class=\"elementor-accordion-title\" tabindex=\"0\">21\/05\/2025 - CONVOCATORIA JUNTA GENERAL ORDINARIA DE ACCIONISTAS 2025<\/a>\n\t\t\t\t\t<\/div>\n\t\t\t\t\t<div id=\"elementor-tab-content-2321\" class=\"elementor-tab-content elementor-clearfix\" data-tab=\"1\" role=\"region\" aria-labelledby=\"elementor-tab-title-2321\"><p style=\"text-align: center;\"><strong>Moreda Riviere Trefiler\u00edas<\/strong><\/p>\n<p style=\"text-align: center;\"><strong>SOCIEDAD AN\u00d3NIMA<\/strong><\/p>\n<p style=\"text-align: center;\"><strong>Junta General Ordinaria de Accionistas 2025<\/strong><\/p>\n<p style=\"text-align: left;\">El Administrador \u00danico convoca a los accionistas de la sociedad a la Junta General Ordinaria que tendr\u00e1 lugar en el domicilio social, sito en Gij\u00f3n, Avda. Pr\u00edncipe de Asturias, s\/n, el d\u00eda 24 de junio de 2025 a las 12:00 horas, en primera convocatoria, y si fuera necesario, el d\u00eda siguiente en el mismo lugar y a la misma hora, en segunda convocatoria, para deliberar y resolver acerca de los asuntos comprendidos en el siguiente <\/p>\n<p style=\"text-align: center;\"><strong>Orden del d\u00eda<\/strong><\/p>\n<p>Primero.- Examen y aprobaci\u00f3n, en su caso, de la gesti\u00f3n social, de las cuentas anuales e informe de gesti\u00f3n relativos al ejercicio social cerrado a 31 de diciembre de 2024 y aplicaci\u00f3n de resultados.<\/p>\n<p>Segundo.- Nombramiento o reelecci\u00f3n, en su caso, del cargo de Auditores de cuentas de la sociedad.<\/p>\n<p>Tercero.- Delegaci\u00f3n de facultades para la protocolizaci\u00f3n de los acuerdos adoptados.<\/p>\n<p>Cuarto.- Lectura y aprobaci\u00f3n, en su caso, del Acta de la sesi\u00f3n<\/p>\n<p>Conform\u00e9ment aux dispositions de l&#8217;article 272 de l&#8217;actuelle loi sur les soci\u00e9t\u00e9s de capitaux, tous les actionnaires ont le droit d&#8217;obtenir de la soci\u00e9t\u00e9, imm\u00e9diatement et gratuitement, les documents \u00e0 soumettre \u00e0 l&#8217;approbation de l&#8217;assembl\u00e9e g\u00e9n\u00e9rale, y compris les rapports de gestion et d&#8217;audit.<\/p>\n<\/p>\n<p>En Gij\u00f3n (Asturias), a 21 de mayo de 2025. El Administrador \u00danico: GLOBAL STEEL WIRE, S.A. (representante persona f\u00edsica: don Carlos Enrique D\u00eda Navarro) <\/p>\n<\/div>\n\t\t\t\t<\/div>\n\t\t\t\t\t\t\t<div class=\"elementor-accordion-item\">\n\t\t\t\t\t<div id=\"elementor-tab-title-2322\" class=\"elementor-tab-title\" data-tab=\"2\" role=\"button\" aria-controls=\"elementor-tab-content-2322\" aria-expanded=\"false\">\n\t\t\t\t\t\t\t\t\t\t\t\t\t<span class=\"elementor-accordion-icon elementor-accordion-icon-left\" aria-hidden=\"true\">\n\t\t\t\t\t\t\t\t\t\t\t\t\t\t\t<span class=\"elementor-accordion-icon-closed\"><i class=\"fas fa-plus\"><\/i><\/span>\n\t\t\t\t\t\t\t\t<span class=\"elementor-accordion-icon-opened\"><i class=\"fas fa-minus\"><\/i><\/span>\n\t\t\t\t\t\t\t\t\t\t\t\t\t\t<\/span>\n\t\t\t\t\t\t\t\t\t\t\t\t<a class=\"elementor-accordion-title\" tabindex=\"0\">22\/05\/2024 - CONVOCATORIA JUNTA GENERAL ORDINARIA DE ACCIONISTAS 2024<\/a>\n\t\t\t\t\t<\/div>\n\t\t\t\t\t<div id=\"elementor-tab-content-2322\" class=\"elementor-tab-content elementor-clearfix\" data-tab=\"2\" role=\"region\" aria-labelledby=\"elementor-tab-title-2322\"><p style=\"text-align: center;\"><strong>Moreda Riviere Trefiler\u00edas<\/strong><\/p>\n<p style=\"text-align: center;\"><strong>SOCIEDAD AN\u00d3NIMA<\/strong><\/p>\n<p style=\"text-align: center;\"><strong>Junta General Ordinaria de Accionistas 2024<\/strong><\/p>\n<p style=\"text-align: left;\">El Administrador \u00danico convoca a los accionistas de la sociedad a la Junta General Ordinaria que tendr\u00e1 lugar en el domicilio social, sito en Gij\u00f3n, Avda. Pr\u00edncipe de Asturias, s\/n, el d\u00eda 26 de junio de 2024 a las 15 horas, en primera convocatoria, y si fuera necesario, el d\u00eda siguiente en el mismo lugar y a la misma hora, en segunda convocatoria, para deliberar y resolver acerca de los asuntos comprendidos en el siguiente <\/p>\n<p style=\"text-align: center;\"><strong>Orden del d\u00eda<\/strong><\/p>\n<p style=\"text-align: left;\">Primero.- Examen y aprobaci\u00f3n, en su caso, de la gesti\u00f3n social, de las cuentas anuales e informe de gesti\u00f3n relativos al ejercicio social cerrado a 31 de diciembre de 2023 y aplicaci\u00f3n de resultados.<\/p>\n<p>Segundo.- Nombramiento o reelecci\u00f3n, en su caso, del cargo de Auditores de cuentas de la sociedad.<\/p>\n<p>Tercero.- Delegaci\u00f3n de facultades para la protocolizaci\u00f3n de los acuerdos adoptados.<\/p>\n<p>Cuarto.- Lectura y aprobaci\u00f3n, en su caso, del Acta de la sesi\u00f3n<\/p>\n<p>Conform\u00e9ment aux dispositions de l&#8217;article 272 de l&#8217;actuelle loi sur les soci\u00e9t\u00e9s de capitaux, tous les actionnaires ont le droit d&#8217;obtenir de la soci\u00e9t\u00e9, imm\u00e9diatement et gratuitement, les documents \u00e0 soumettre \u00e0 l&#8217;approbation de l&#8217;assembl\u00e9e g\u00e9n\u00e9rale, y compris les rapports de gestion et d&#8217;audit.<\/p>\n<p>En Gij\u00f3n (Asturias), a 22 de mayo de 2024. El Administrador \u00danico: GLOBAL STEEL WIRE, S.A. (representante persona f\u00edsica: don Jorge Cazorla Pujalte) <\/p>\n<\/div>\n\t\t\t\t<\/div>\n\t\t\t\t\t\t\t<div class=\"elementor-accordion-item\">\n\t\t\t\t\t<div id=\"elementor-tab-title-2323\" class=\"elementor-tab-title\" data-tab=\"3\" role=\"button\" aria-controls=\"elementor-tab-content-2323\" aria-expanded=\"false\">\n\t\t\t\t\t\t\t\t\t\t\t\t\t<span class=\"elementor-accordion-icon elementor-accordion-icon-left\" aria-hidden=\"true\">\n\t\t\t\t\t\t\t\t\t\t\t\t\t\t\t<span class=\"elementor-accordion-icon-closed\"><i class=\"fas fa-plus\"><\/i><\/span>\n\t\t\t\t\t\t\t\t<span class=\"elementor-accordion-icon-opened\"><i class=\"fas fa-minus\"><\/i><\/span>\n\t\t\t\t\t\t\t\t\t\t\t\t\t\t<\/span>\n\t\t\t\t\t\t\t\t\t\t\t\t<a class=\"elementor-accordion-title\" tabindex=\"0\">15\/04\/2021 - PLAN DE ACCI\u00d3N DE MOREDA RIVIERE TREFILERIAS PARA LA MEJORA DE LA PRODUCCI\u00d3N EN LA PLANTA DE CERRAMIENTOS (GIJON)<\/a>\n\t\t\t\t\t<\/div>\n\t\t\t\t\t<div id=\"elementor-tab-content-2323\" class=\"elementor-tab-content elementor-clearfix\" data-tab=\"3\" role=\"region\" aria-labelledby=\"elementor-tab-title-2323\"><p style=\"text-align: center;\"><strong>GLOBAL STEEL WIRE, S.A.<\/strong><\/p>\n<p>MOREDA RIVIERE TREFILERIAS SA ha contado para el desarrollo de este proyecto con el apoyo del Ministerio de Industria, Energ\u00eda del Programa de Reindustrializaci\u00f3n y Fomento de la Competitividad Industrial.<\/p>\n<p>Dossier <strong>RCI-040000-2016-167<\/strong><\/p>\n<p><a href=\"https:\/\/moreda.com\/wp-content\/uploads\/2023\/06\/Cartel-GIJON.pdf\" target=\"_blank\" rel=\"noopener\">Descargar<\/a><\/p>\n<\/div>\n\t\t\t\t<\/div>\n\t\t\t\t\t\t\t<div class=\"elementor-accordion-item\">\n\t\t\t\t\t<div id=\"elementor-tab-title-2324\" class=\"elementor-tab-title\" data-tab=\"4\" role=\"button\" aria-controls=\"elementor-tab-content-2324\" aria-expanded=\"false\">\n\t\t\t\t\t\t\t\t\t\t\t\t\t<span class=\"elementor-accordion-icon elementor-accordion-icon-left\" aria-hidden=\"true\">\n\t\t\t\t\t\t\t\t\t\t\t\t\t\t\t<span class=\"elementor-accordion-icon-closed\"><i class=\"fas fa-plus\"><\/i><\/span>\n\t\t\t\t\t\t\t\t<span class=\"elementor-accordion-icon-opened\"><i class=\"fas fa-minus\"><\/i><\/span>\n\t\t\t\t\t\t\t\t\t\t\t\t\t\t<\/span>\n\t\t\t\t\t\t\t\t\t\t\t\t<a class=\"elementor-accordion-title\" tabindex=\"0\">15\/04\/2021 - PLAN DE ACCI\u00d3N DE MOREDA RIVIERE TREFILERIAS PARA EL INCREMENTO DE LA PRODUCCI\u00d3N EN LA PLANTA DE ALAMBRE (BARCELONA) <\/a>\n\t\t\t\t\t<\/div>\n\t\t\t\t\t<div id=\"elementor-tab-content-2324\" class=\"elementor-tab-content elementor-clearfix\" data-tab=\"4\" role=\"region\" aria-labelledby=\"elementor-tab-title-2324\"><p style=\"text-align: center;\"><strong>GLOBAL STEEL WIRE, S.A.<\/strong><\/p>\n<p>MOREDA RIVIERE TREFILERIAS SA ha contado para el desarrollo de este proyecto con el apoyo del Ministerio de Industria, Energ\u00eda del Programa de Reindustrializaci\u00f3n y Fomento de la Competitividad Industrial.<\/p>\n<p>Dossier <strong>RCI-040000-2016-170<\/strong><\/p>\n<p><a href=\"https:\/\/moreda.com\/wp-content\/uploads\/2023\/06\/Cartel-BARNA.pdf\" target=\"_blank\" rel=\"noopener\">Descargar<\/a><\/p>\n<\/div>\n\t\t\t\t<\/div>\n\t\t\t\t\t\t\t\t<\/div>\n\t\t\t\t\t\t<\/div>\n\t\t\t\t<\/div>\n\t\t\t\t<div class=\"elementor-element elementor-element-3897281 elementor-widget elementor-widget-spacer\" data-id=\"3897281\" data-element_type=\"widget\" data-e-type=\"widget\" data-widget_type=\"spacer.default\">\n\t\t\t\t<div class=\"elementor-widget-container\">\n\t\t\t\t\t\t\t<div class=\"elementor-spacer\">\n\t\t\t<div class=\"elementor-spacer-inner\"><\/div>\n\t\t<\/div>\n\t\t\t\t\t\t<\/div>\n\t\t\t\t<\/div>\n\t\t\t\t\t<\/div>\n\t\t<\/div>\n\t\t\t\t\t<\/div>\n\t\t<\/section>\n\t\t\t\t<section class=\"elementor-section elementor-top-section elementor-element elementor-element-bf5a8a5 elementor-section-boxed elementor-section-height-default elementor-section-height-default\" data-id=\"bf5a8a5\" data-element_type=\"section\" data-e-type=\"section\">\n\t\t\t\t\t\t<div class=\"elementor-container elementor-column-gap-default\">\n\t\t\t\t\t<div class=\"elementor-column elementor-col-100 elementor-top-column elementor-element elementor-element-e610257\" data-id=\"e610257\" data-element_type=\"column\" data-e-type=\"column\">\n\t\t\t<div class=\"elementor-widget-wrap elementor-element-populated\">\n\t\t\t\t\t\t<div class=\"elementor-element elementor-element-86f0dbb elementor-align-right elementor-widget__width-initial elementor-fixed elementor-invisible elementor-widget elementor-widget-global elementor-global-48526 elementor-global-29112 elementor-widget-button\" data-id=\"86f0dbb\" data-element_type=\"widget\" data-e-type=\"widget\" data-settings=\"{&quot;_position&quot;:&quot;fixed&quot;,&quot;_animation&quot;:&quot;fadeInUp&quot;}\" data-widget_type=\"button.default\">\n\t\t\t\t<div class=\"elementor-widget-container\">\n\t\t\t\t\t\t\t\t\t<div class=\"elementor-button-wrapper\">\n\t\t\t\t\t<a class=\"elementor-button elementor-button-link elementor-size-xl\" href=\"https:\/\/moreda.com\/fr\/contact\/contactez-nous\/#contacto-formulario-directo\">\n\t\t\t\t\t\t<span class=\"elementor-button-content-wrapper\">\n\t\t\t\t\t\t<span class=\"elementor-button-icon\">\n\t\t\t\t<i aria-hidden=\"true\" class=\"fas fa-envelope\"><\/i>\t\t\t<\/span>\n\t\t\t\t\t\t\t\t<\/span>\n\t\t\t\t\t<\/a>\n\t\t\t\t<\/div>\n\t\t\t\t\t\t\t\t<\/div>\n\t\t\t\t<\/div>\n\t\t\t\t\t<\/div>\n\t\t<\/div>\n\t\t\t\t\t<\/div>\n\t\t<\/section>\n\t\t\t\t<\/div>\n\t\t","protected":false},"excerpt":{"rendered":"<p>COMMUNICATIONS OFFICIELLES Home 21\/05\/2025 &#8211; CONVOCATORIA JUNTA GENERAL ORDINARIA DE ACCIONISTAS 2025 Moreda Riviere Trefiler\u00edas SOCIEDAD AN\u00d3NIMA Junta General Ordinaria de Accionistas 2025 El Administrador \u00danico convoca a los accionistas de la sociedad a la Junta General Ordinaria que tendr\u00e1 lugar en el domicilio social, sito en Gij\u00f3n, Avda. Pr\u00edncipe de Asturias, s\/n, el d\u00eda [&hellip;]<\/p>\n","protected":false},"author":1,"featured_media":35435,"parent":37349,"menu_order":0,"comment_status":"closed","ping_status":"open","template":"elementor_header_footer","meta":{"_acf_changed":false,"footnotes":""},"class_list":["post-48185","page","type-page","status-publish","has-post-thumbnail","hentry"],"acf":[],"yoast_head":"<!-- This site is optimized with the Yoast SEO plugin v27.2 - https:\/\/yoast.com\/product\/yoast-seo-wordpress\/ -->\n<title>Communications officielles de MRT, fabricant de cl\u00f4tures et de fils<\/title>\n<meta name=\"description\" content=\"Acc\u00e9dez aux communications officielles de MRT - Moreda Riviere Trefiler\u00edas, avec les derni\u00e8res annonces de son Assembl\u00e9e G\u00e9n\u00e9rale des Actionnaires.\" \/>\n<meta name=\"robots\" content=\"noindex, nofollow\" \/>\n<meta property=\"og:locale\" content=\"fr_FR\" \/>\n<meta property=\"og:type\" content=\"article\" \/>\n<meta property=\"og:title\" content=\"Communications officielles de MRT, fabricant de cl\u00f4tures et de fils\" \/>\n<meta property=\"og:description\" content=\"Acc\u00e9dez aux communications officielles de MRT - Moreda Riviere Trefiler\u00edas, avec les derni\u00e8res annonces de son Assembl\u00e9e G\u00e9n\u00e9rale des Actionnaires.\" \/>\n<meta property=\"og:url\" content=\"https:\/\/moreda.com\/fr\/actualite\/communications-officielles\/\" \/>\n<meta property=\"og:site_name\" content=\"MRT\" \/>\n<meta property=\"article:publisher\" content=\"https:\/\/www.facebook.com\/moredarivieretrefileriassa\" \/>\n<meta property=\"article:modified_time\" content=\"2025-05-22T07:03:22+00:00\" \/>\n<meta property=\"og:image\" content=\"https:\/\/moreda.com\/wp-content\/uploads\/2021\/12\/comunicaciones-oficiales-sala-hercules-celsa.jpg\" \/>\n\t<meta property=\"og:image:width\" content=\"1280\" \/>\n\t<meta property=\"og:image:height\" content=\"400\" \/>\n\t<meta property=\"og:image:type\" content=\"image\/jpeg\" \/>\n<meta name=\"twitter:card\" content=\"summary_large_image\" \/>\n<meta name=\"twitter:site\" content=\"@MoredaRiviere\" \/>\n<meta name=\"twitter:label1\" content=\"Dur\u00e9e de lecture estim\u00e9e\" \/>\n\t<meta name=\"twitter:data1\" content=\"3 minutes\" \/>\n<script type=\"application\/ld+json\" class=\"yoast-schema-graph\">{\"@context\":\"https:\/\/schema.org\",\"@graph\":[{\"@type\":\"WebPage\",\"@id\":\"https:\/\/moreda.com\/fr\/actualite\/communications-officielles\/\",\"url\":\"https:\/\/moreda.com\/fr\/actualite\/communications-officielles\/\",\"name\":\"Communications officielles de MRT, fabricant de cl\u00f4tures et de fils\",\"isPartOf\":{\"@id\":\"https:\/\/moreda.com\/fr\/#website\"},\"primaryImageOfPage\":{\"@id\":\"https:\/\/moreda.com\/fr\/actualite\/communications-officielles\/#primaryimage\"},\"image\":{\"@id\":\"https:\/\/moreda.com\/fr\/actualite\/communications-officielles\/#primaryimage\"},\"thumbnailUrl\":\"https:\/\/moreda.com\/wp-content\/uploads\/2021\/12\/comunicaciones-oficiales-sala-hercules-celsa.jpg\",\"datePublished\":\"2021-12-16T06:50:01+00:00\",\"dateModified\":\"2025-05-22T07:03:22+00:00\",\"description\":\"Acc\u00e9dez aux communications officielles de MRT - Moreda Riviere Trefiler\u00edas, avec les derni\u00e8res annonces de son Assembl\u00e9e G\u00e9n\u00e9rale des Actionnaires.\",\"breadcrumb\":{\"@id\":\"https:\/\/moreda.com\/fr\/actualite\/communications-officielles\/#breadcrumb\"},\"inLanguage\":\"fr-FR\",\"potentialAction\":[{\"@type\":\"ReadAction\",\"target\":[\"https:\/\/moreda.com\/fr\/actualite\/communications-officielles\/\"]}]},{\"@type\":\"ImageObject\",\"inLanguage\":\"fr-FR\",\"@id\":\"https:\/\/moreda.com\/fr\/actualite\/communications-officielles\/#primaryimage\",\"url\":\"https:\/\/moreda.com\/wp-content\/uploads\/2021\/12\/comunicaciones-oficiales-sala-hercules-celsa.jpg\",\"contentUrl\":\"https:\/\/moreda.com\/wp-content\/uploads\/2021\/12\/comunicaciones-oficiales-sala-hercules-celsa.jpg\",\"width\":1280,\"height\":400,\"caption\":\"Communication officielle Salle H\u00e9rcules\u00ae\"},{\"@type\":\"BreadcrumbList\",\"@id\":\"https:\/\/moreda.com\/fr\/actualite\/communications-officielles\/#breadcrumb\",\"itemListElement\":[{\"@type\":\"ListItem\",\"position\":1,\"name\":\"Portada\",\"item\":\"https:\/\/moreda.com\/fr\/home\/\"},{\"@type\":\"ListItem\",\"position\":2,\"name\":\"Actualit\u00e9\",\"item\":\"https:\/\/moreda.com\/fr\/actualite\/\"},{\"@type\":\"ListItem\",\"position\":3,\"name\":\"Communications officielles\"}]},{\"@type\":\"WebSite\",\"@id\":\"https:\/\/moreda.com\/fr\/#website\",\"url\":\"https:\/\/moreda.com\/fr\/\",\"name\":\"MRT - Moreda Riviere Trefiler\u00edas\",\"description\":\"Moreda Riviere Trefiler\u00edas. Fabricante de vallas y alambres\",\"publisher\":{\"@id\":\"https:\/\/moreda.com\/fr\/#organization\"},\"alternateName\":\"MRT\",\"potentialAction\":[{\"@type\":\"SearchAction\",\"target\":{\"@type\":\"EntryPoint\",\"urlTemplate\":\"https:\/\/moreda.com\/fr\/?s={search_term_string}\"},\"query-input\":{\"@type\":\"PropertyValueSpecification\",\"valueRequired\":true,\"valueName\":\"search_term_string\"}}],\"inLanguage\":\"fr-FR\"},{\"@type\":\"Organization\",\"@id\":\"https:\/\/moreda.com\/fr\/#organization\",\"name\":\"Moreda Riviere Trefiler\u00edas\",\"alternateName\":\"MRT\",\"url\":\"https:\/\/moreda.com\/fr\/\",\"logo\":{\"@type\":\"ImageObject\",\"inLanguage\":\"fr-FR\",\"@id\":\"https:\/\/moreda.com\/fr\/#\/schema\/logo\/image\/\",\"url\":\"https:\/\/moreda.com\/wp-content\/uploads\/2022\/05\/logo-moreda-stiky.svg\",\"contentUrl\":\"https:\/\/moreda.com\/wp-content\/uploads\/2022\/05\/logo-moreda-stiky.svg\",\"width\":541,\"height\":247,\"caption\":\"Moreda Riviere Trefiler\u00edas\"},\"image\":{\"@id\":\"https:\/\/moreda.com\/fr\/#\/schema\/logo\/image\/\"},\"sameAs\":[\"https:\/\/www.facebook.com\/moredarivieretrefileriassa\",\"https:\/\/x.com\/MoredaRiviere\",\"https:\/\/www.youtube.com\/user\/MOREDARIVIERE\",\"https:\/\/www.linkedin.com\/company\/trefilerias-moreda-riviere\",\"https:\/\/www.instagram.com\/moreda.riviere.trefilerias\/\"]}]}<\/script>\n<!-- \/ Yoast SEO plugin. -->","yoast_head_json":{"title":"Communications officielles de MRT, fabricant de cl\u00f4tures et de fils","description":"Acc\u00e9dez aux communications officielles de MRT - Moreda Riviere Trefiler\u00edas, avec les derni\u00e8res annonces de son Assembl\u00e9e G\u00e9n\u00e9rale des Actionnaires.","robots":{"index":"noindex","follow":"nofollow"},"og_locale":"fr_FR","og_type":"article","og_title":"Communications officielles de MRT, fabricant de cl\u00f4tures et de fils","og_description":"Acc\u00e9dez aux communications officielles de MRT - Moreda Riviere Trefiler\u00edas, avec les derni\u00e8res annonces de son Assembl\u00e9e G\u00e9n\u00e9rale des Actionnaires.","og_url":"https:\/\/moreda.com\/fr\/actualite\/communications-officielles\/","og_site_name":"MRT","article_publisher":"https:\/\/www.facebook.com\/moredarivieretrefileriassa","article_modified_time":"2025-05-22T07:03:22+00:00","og_image":[{"width":1280,"height":400,"url":"https:\/\/moreda.com\/wp-content\/uploads\/2021\/12\/comunicaciones-oficiales-sala-hercules-celsa.jpg","type":"image\/jpeg"}],"twitter_card":"summary_large_image","twitter_site":"@MoredaRiviere","twitter_misc":{"Dur\u00e9e de lecture estim\u00e9e":"3 minutes"},"schema":{"@context":"https:\/\/schema.org","@graph":[{"@type":"WebPage","@id":"https:\/\/moreda.com\/fr\/actualite\/communications-officielles\/","url":"https:\/\/moreda.com\/fr\/actualite\/communications-officielles\/","name":"Communications officielles de MRT, fabricant de cl\u00f4tures et de fils","isPartOf":{"@id":"https:\/\/moreda.com\/fr\/#website"},"primaryImageOfPage":{"@id":"https:\/\/moreda.com\/fr\/actualite\/communications-officielles\/#primaryimage"},"image":{"@id":"https:\/\/moreda.com\/fr\/actualite\/communications-officielles\/#primaryimage"},"thumbnailUrl":"https:\/\/moreda.com\/wp-content\/uploads\/2021\/12\/comunicaciones-oficiales-sala-hercules-celsa.jpg","datePublished":"2021-12-16T06:50:01+00:00","dateModified":"2025-05-22T07:03:22+00:00","description":"Acc\u00e9dez aux communications officielles de MRT - Moreda Riviere Trefiler\u00edas, avec les derni\u00e8res annonces de son Assembl\u00e9e G\u00e9n\u00e9rale des Actionnaires.","breadcrumb":{"@id":"https:\/\/moreda.com\/fr\/actualite\/communications-officielles\/#breadcrumb"},"inLanguage":"fr-FR","potentialAction":[{"@type":"ReadAction","target":["https:\/\/moreda.com\/fr\/actualite\/communications-officielles\/"]}]},{"@type":"ImageObject","inLanguage":"fr-FR","@id":"https:\/\/moreda.com\/fr\/actualite\/communications-officielles\/#primaryimage","url":"https:\/\/moreda.com\/wp-content\/uploads\/2021\/12\/comunicaciones-oficiales-sala-hercules-celsa.jpg","contentUrl":"https:\/\/moreda.com\/wp-content\/uploads\/2021\/12\/comunicaciones-oficiales-sala-hercules-celsa.jpg","width":1280,"height":400,"caption":"Communication officielle Salle H\u00e9rcules\u00ae"},{"@type":"BreadcrumbList","@id":"https:\/\/moreda.com\/fr\/actualite\/communications-officielles\/#breadcrumb","itemListElement":[{"@type":"ListItem","position":1,"name":"Portada","item":"https:\/\/moreda.com\/fr\/home\/"},{"@type":"ListItem","position":2,"name":"Actualit\u00e9","item":"https:\/\/moreda.com\/fr\/actualite\/"},{"@type":"ListItem","position":3,"name":"Communications officielles"}]},{"@type":"WebSite","@id":"https:\/\/moreda.com\/fr\/#website","url":"https:\/\/moreda.com\/fr\/","name":"MRT - Moreda Riviere Trefiler\u00edas","description":"Moreda Riviere Trefiler\u00edas. Fabricante de vallas y alambres","publisher":{"@id":"https:\/\/moreda.com\/fr\/#organization"},"alternateName":"MRT","potentialAction":[{"@type":"SearchAction","target":{"@type":"EntryPoint","urlTemplate":"https:\/\/moreda.com\/fr\/?s={search_term_string}"},"query-input":{"@type":"PropertyValueSpecification","valueRequired":true,"valueName":"search_term_string"}}],"inLanguage":"fr-FR"},{"@type":"Organization","@id":"https:\/\/moreda.com\/fr\/#organization","name":"Moreda Riviere Trefiler\u00edas","alternateName":"MRT","url":"https:\/\/moreda.com\/fr\/","logo":{"@type":"ImageObject","inLanguage":"fr-FR","@id":"https:\/\/moreda.com\/fr\/#\/schema\/logo\/image\/","url":"https:\/\/moreda.com\/wp-content\/uploads\/2022\/05\/logo-moreda-stiky.svg","contentUrl":"https:\/\/moreda.com\/wp-content\/uploads\/2022\/05\/logo-moreda-stiky.svg","width":541,"height":247,"caption":"Moreda Riviere Trefiler\u00edas"},"image":{"@id":"https:\/\/moreda.com\/fr\/#\/schema\/logo\/image\/"},"sameAs":["https:\/\/www.facebook.com\/moredarivieretrefileriassa","https:\/\/x.com\/MoredaRiviere","https:\/\/www.youtube.com\/user\/MOREDARIVIERE","https:\/\/www.linkedin.com\/company\/trefilerias-moreda-riviere","https:\/\/www.instagram.com\/moreda.riviere.trefilerias\/"]}]}},"_links":{"self":[{"href":"https:\/\/moreda.com\/fr\/wp-json\/wp\/v2\/pages\/48185","targetHints":{"allow":["GET"]}}],"collection":[{"href":"https:\/\/moreda.com\/fr\/wp-json\/wp\/v2\/pages"}],"about":[{"href":"https:\/\/moreda.com\/fr\/wp-json\/wp\/v2\/types\/page"}],"author":[{"embeddable":true,"href":"https:\/\/moreda.com\/fr\/wp-json\/wp\/v2\/users\/1"}],"replies":[{"embeddable":true,"href":"https:\/\/moreda.com\/fr\/wp-json\/wp\/v2\/comments?post=48185"}],"version-history":[{"count":7,"href":"https:\/\/moreda.com\/fr\/wp-json\/wp\/v2\/pages\/48185\/revisions"}],"predecessor-version":[{"id":52788,"href":"https:\/\/moreda.com\/fr\/wp-json\/wp\/v2\/pages\/48185\/revisions\/52788"}],"up":[{"embeddable":true,"href":"https:\/\/moreda.com\/fr\/wp-json\/wp\/v2\/pages\/37349"}],"wp:featuredmedia":[{"embeddable":true,"href":"https:\/\/moreda.com\/fr\/wp-json\/wp\/v2\/media\/35435"}],"wp:attachment":[{"href":"https:\/\/moreda.com\/fr\/wp-json\/wp\/v2\/media?parent=48185"}],"curies":[{"name":"wp","href":"https:\/\/api.w.org\/{rel}","templated":true}]}}