{"id":37691,"date":"2023-05-19T11:33:18","date_gmt":"2023-05-19T09:33:18","guid":{"rendered":"https:\/\/moreda.com\/integration-verticale-et-circularite\/"},"modified":"2024-08-07T14:05:22","modified_gmt":"2024-08-07T12:05:22","slug":"integration-verticale-circularite","status":"publish","type":"page","link":"https:\/\/moreda.com\/fr\/a-propos-de-mrt\/integration-verticale-circularite\/","title":{"rendered":"Int\u00e9gration verticale et circularit\u00e9"},"content":{"rendered":"\t\t<div data-elementor-type=\"wp-page\" data-elementor-id=\"37691\" class=\"elementor elementor-37691 elementor-30836\" data-elementor-post-type=\"page\">\n\t\t\t\t\t\t<section class=\"elementor-section elementor-top-section elementor-element elementor-element-a91fbfe elementor-section-height-min-height elementor-section-boxed elementor-section-height-default elementor-section-items-middle\" data-id=\"a91fbfe\" data-element_type=\"section\" data-e-type=\"section\" data-settings=\"{&quot;background_background&quot;:&quot;classic&quot;}\">\n\t\t\t\t\t\t<div class=\"elementor-container elementor-column-gap-default\">\n\t\t\t\t\t<div class=\"elementor-column elementor-col-100 elementor-top-column elementor-element elementor-element-d09df7a\" data-id=\"d09df7a\" data-element_type=\"column\" data-e-type=\"column\">\n\t\t\t<div class=\"elementor-widget-wrap elementor-element-populated\">\n\t\t\t\t\t\t<div class=\"elementor-element elementor-element-845417f elementor-widget elementor-widget-heading\" data-id=\"845417f\" data-element_type=\"widget\" data-e-type=\"widget\" data-widget_type=\"heading.default\">\n\t\t\t\t<div class=\"elementor-widget-container\">\n\t\t\t\t\t<h1 class=\"elementor-heading-title elementor-size-default\">INT\u00c9GRATION VERTICAL ET CIRCULARIT\u00c9<\/h1>\t\t\t\t<\/div>\n\t\t\t\t<\/div>\n\t\t\t\t\t<\/div>\n\t\t<\/div>\n\t\t\t\t\t<\/div>\n\t\t<\/section>\n\t\t\t\t<section class=\"elementor-section elementor-top-section elementor-element elementor-element-df27068 elementor-section-boxed elementor-section-height-default elementor-section-height-default\" data-id=\"df27068\" data-element_type=\"section\" data-e-type=\"section\">\n\t\t\t\t\t\t<div class=\"elementor-container elementor-column-gap-default\">\n\t\t\t\t\t<div class=\"elementor-column elementor-col-100 elementor-top-column elementor-element elementor-element-3534d66\" data-id=\"3534d66\" data-element_type=\"column\" data-e-type=\"column\">\n\t\t\t<div class=\"elementor-widget-wrap elementor-element-populated\">\n\t\t\t\t\t\t<div class=\"elementor-element elementor-element-3c1b768 elementor-widget elementor-widget-spacer\" data-id=\"3c1b768\" data-element_type=\"widget\" data-e-type=\"widget\" data-widget_type=\"spacer.default\">\n\t\t\t\t<div class=\"elementor-widget-container\">\n\t\t\t\t\t\t\t<div class=\"elementor-spacer\">\n\t\t\t<div class=\"elementor-spacer-inner\"><\/div>\n\t\t<\/div>\n\t\t\t\t\t\t<\/div>\n\t\t\t\t<\/div>\n\t\t\t\t<div class=\"elementor-element elementor-element-6633b71 elementor-align-flex-start elementor-widget elementor-widget-raven-breadcrumbs\" data-id=\"6633b71\" data-element_type=\"widget\" data-e-type=\"widget\" data-widget_type=\"raven-breadcrumbs.default\">\n\t\t\t\t<div class=\"elementor-widget-container\">\n\t\t\t\t\t<div class=\"raven-breadcrumbs raven-breadcrumbs-default\"><div class=\"breadcrumb\">\t\t\t\t<div class=\"breadcrumb-item active\" aria-current=\"page\"><span>Home<\/span><\/div>\n\n\t\t\t\t<\/div><\/div>\t\t\t\t<\/div>\n\t\t\t\t<\/div>\n\t\t\t\t\t<\/div>\n\t\t<\/div>\n\t\t\t\t\t<\/div>\n\t\t<\/section>\n\t\t\t\t<section class=\"elementor-section elementor-top-section elementor-element elementor-element-60c3e7f elementor-section-boxed elementor-section-height-default elementor-section-height-default\" data-id=\"60c3e7f\" data-element_type=\"section\" data-e-type=\"section\">\n\t\t\t\t\t\t<div class=\"elementor-container elementor-column-gap-default\">\n\t\t\t\t\t<div class=\"elementor-column elementor-col-100 elementor-top-column elementor-element elementor-element-b6629a9\" data-id=\"b6629a9\" data-element_type=\"column\" data-e-type=\"column\">\n\t\t\t<div class=\"elementor-widget-wrap elementor-element-populated\">\n\t\t\t\t\t\t<div class=\"elementor-element elementor-element-c28f726 elementor-widget elementor-widget-spacer\" data-id=\"c28f726\" data-element_type=\"widget\" data-e-type=\"widget\" data-widget_type=\"spacer.default\">\n\t\t\t\t<div class=\"elementor-widget-container\">\n\t\t\t\t\t\t\t<div class=\"elementor-spacer\">\n\t\t\t<div class=\"elementor-spacer-inner\"><\/div>\n\t\t<\/div>\n\t\t\t\t\t\t<\/div>\n\t\t\t\t<\/div>\n\t\t\t\t<div class=\"elementor-element elementor-element-2725611 elementor-widget elementor-widget-text-editor\" data-id=\"2725611\" data-element_type=\"widget\" data-e-type=\"widget\" data-widget_type=\"text-editor.default\">\n\t\t\t\t<div class=\"elementor-widget-container\">\n\t\t\t\t\t\t\t\t\t<h3 style=\"text-align: left;\">Int\u00e9gration verticale et circularit\u00e9<\/h3>\n<p>En tant que <a href=\"https:\/\/moreda.com\/fr\/a-propos-de-mrt\/celsa-group\/\">groupe<\/a>, nous sommes de plus en plus int\u00e9gr\u00e9s verticalement, tant en amont qu&#8217;en aval. Cette int\u00e9gration tout au long de la cha\u00eene de valeur de l&#8217;acier nous permet d&#8217;obtenir des synergies, d&#8217;\u00eatre plus efficaces <strong>tant sur le plan environnemental qu&#8217;\u00e9nerg\u00e9tique<\/strong>, de faciliter la mise en \u0153uvre de l&#8217;am\u00e9lioration continue et d&#8217;avoir une excellente tra\u00e7abilit\u00e9.<\/p>\n\t\t\t\t\t\t\t\t<\/div>\n\t\t\t\t<\/div>\n\t\t\t\t<section class=\"elementor-section elementor-inner-section elementor-element elementor-element-f51ad60 elementor-hidden-tablet elementor-hidden-mobile elementor-section-boxed elementor-section-height-default elementor-section-height-default\" data-id=\"f51ad60\" data-element_type=\"section\" data-e-type=\"section\">\n\t\t\t\t\t\t<div class=\"elementor-container elementor-column-gap-wider\">\n\t\t\t\t\t<div class=\"elementor-column elementor-col-50 elementor-inner-column elementor-element elementor-element-6edbadf\" data-id=\"6edbadf\" data-element_type=\"column\" data-e-type=\"column\">\n\t\t\t<div class=\"elementor-widget-wrap elementor-element-populated\">\n\t\t\t\t\t\t<div class=\"elementor-element elementor-element-50095b1 elementor-widget elementor-widget-image\" data-id=\"50095b1\" data-element_type=\"widget\" data-e-type=\"widget\" data-widget_type=\"image.default\">\n\t\t\t\t<div class=\"elementor-widget-container\">\n\t\t\t\t\t\t\t\t\t\t\t\t\t\t\t<img fetchpriority=\"high\" decoding=\"async\" width=\"627\" height=\"625\" src=\"https:\/\/moreda.com\/wp-content\/uploads\/2023\/11\/schema-integration-verticale.png\" class=\"attachment-full size-full wp-image-36537\" alt=\"Sch\u00e9ma d&#039;int\u00e9gration verticale\" srcset=\"https:\/\/moreda.com\/wp-content\/uploads\/2023\/11\/schema-integration-verticale.png 627w, https:\/\/moreda.com\/wp-content\/uploads\/2023\/11\/schema-integration-verticale-300x300.png 300w, https:\/\/moreda.com\/wp-content\/uploads\/2023\/11\/schema-integration-verticale-150x150.png 150w\" sizes=\"(max-width: 627px) 100vw, 627px\" \/>\t\t\t\t\t\t\t\t\t\t\t\t\t\t\t<\/div>\n\t\t\t\t<\/div>\n\t\t\t\t\t<\/div>\n\t\t<\/div>\n\t\t\t\t<div class=\"elementor-column elementor-col-50 elementor-inner-column elementor-element elementor-element-90e6161 elementor-invisible\" data-id=\"90e6161\" data-element_type=\"column\" data-e-type=\"column\" data-settings=\"{&quot;background_background&quot;:&quot;classic&quot;,&quot;animation&quot;:&quot;fadeInRight&quot;}\">\n\t\t\t<div class=\"elementor-widget-wrap elementor-element-populated\">\n\t\t\t\t\t\t<div class=\"elementor-element elementor-element-f368d02 elementor-headline--style-highlight elementor-widget elementor-widget-animated-headline\" data-id=\"f368d02\" data-element_type=\"widget\" data-e-type=\"widget\" data-settings=\"{&quot;marker&quot;:&quot;underline&quot;,&quot;highlighted_text&quot;:&quot;est enti\\u00e8rement circulaire.&quot;,&quot;headline_style&quot;:&quot;highlight&quot;,&quot;loop&quot;:&quot;yes&quot;,&quot;highlight_animation_duration&quot;:1200,&quot;highlight_iteration_delay&quot;:8000}\" data-widget_type=\"animated-headline.default\">\n\t\t\t\t<div class=\"elementor-widget-container\">\n\t\t\t\t\t\t\t<h3 class=\"elementor-headline\">\n\t\t\t\t\t<span class=\"elementor-headline-plain-text elementor-headline-text-wrapper\">Notre int\u00e9gration verticale nous permet une circularit\u00e9 unique. Nous sommes un groupe int\u00e9gr\u00e9 dont le processus industriel<\/span>\n\t\t\t\t<span class=\"elementor-headline-dynamic-wrapper elementor-headline-text-wrapper\">\n\t\t\t\t\t<span class=\"elementor-headline-dynamic-text elementor-headline-text-active\">est enti\u00e8rement circulaire.<\/span>\n\t\t\t\t<\/span>\n\t\t\t\t<\/h3>\n\t\t\t\t\t\t<\/div>\n\t\t\t\t<\/div>\n\t\t\t\t<div class=\"elementor-element elementor-element-b9e7fd0 elementor-widget elementor-widget-image\" data-id=\"b9e7fd0\" data-element_type=\"widget\" data-e-type=\"widget\" data-widget_type=\"image.default\">\n\t\t\t\t<div class=\"elementor-widget-container\">\n\t\t\t\t\t\t\t\t\t\t\t\t\t\t\t<img decoding=\"async\" width=\"300\" height=\"95\" src=\"https:\/\/moreda.com\/wp-content\/uploads\/2023\/05\/celsa-circular-steel-300x95.png\" class=\"attachment-medium size-medium wp-image-36743\" alt=\"Produits en acier fabriqu\u00e9s \u00e0 partir de ferraille\" srcset=\"https:\/\/moreda.com\/wp-content\/uploads\/2023\/05\/celsa-circular-steel-300x95.png 300w, https:\/\/moreda.com\/wp-content\/uploads\/2023\/05\/celsa-circular-steel.png 500w\" sizes=\"(max-width: 300px) 100vw, 300px\" \/>\t\t\t\t\t\t\t\t\t\t\t\t\t\t\t<\/div>\n\t\t\t\t<\/div>\n\t\t\t\t\t<\/div>\n\t\t<\/div>\n\t\t\t\t\t<\/div>\n\t\t<\/section>\n\t\t\t\t<section class=\"elementor-section elementor-inner-section elementor-element elementor-element-c9186c4 elementor-hidden-widescreen elementor-hidden-desktop elementor-section-boxed elementor-section-height-default elementor-section-height-default\" data-id=\"c9186c4\" data-element_type=\"section\" data-e-type=\"section\">\n\t\t\t\t\t\t\t<div class=\"elementor-background-overlay\"><\/div>\n\t\t\t\t\t\t\t<div class=\"elementor-container elementor-column-gap-wider\">\n\t\t\t\t\t<div class=\"elementor-column elementor-col-100 elementor-inner-column elementor-element elementor-element-b50183a\" data-id=\"b50183a\" data-element_type=\"column\" data-e-type=\"column\">\n\t\t\t<div class=\"elementor-widget-wrap elementor-element-populated\">\n\t\t\t\t\t\t<div class=\"elementor-element elementor-element-830363a elementor-headline--style-highlight elementor-widget elementor-widget-animated-headline\" data-id=\"830363a\" data-element_type=\"widget\" data-e-type=\"widget\" data-settings=\"{&quot;marker&quot;:&quot;underline&quot;,&quot;highlighted_text&quot;:&quot;est enti\\u00e8rement circulaire.&quot;,&quot;headline_style&quot;:&quot;highlight&quot;,&quot;loop&quot;:&quot;yes&quot;,&quot;highlight_animation_duration&quot;:1200,&quot;highlight_iteration_delay&quot;:8000}\" data-widget_type=\"animated-headline.default\">\n\t\t\t\t<div class=\"elementor-widget-container\">\n\t\t\t\t\t\t\t<h3 class=\"elementor-headline\">\n\t\t\t\t\t<span class=\"elementor-headline-plain-text elementor-headline-text-wrapper\">Notre int\u00e9gration verticale nous permet une circularit\u00e9 unique. Nous sommes un groupe int\u00e9gr\u00e9 dont le processus industriel<\/span>\n\t\t\t\t<span class=\"elementor-headline-dynamic-wrapper elementor-headline-text-wrapper\">\n\t\t\t\t\t<span class=\"elementor-headline-dynamic-text elementor-headline-text-active\">est enti\u00e8rement circulaire.<\/span>\n\t\t\t\t<\/span>\n\t\t\t\t<\/h3>\n\t\t\t\t\t\t<\/div>\n\t\t\t\t<\/div>\n\t\t\t\t<div class=\"elementor-element elementor-element-488584a elementor-widget elementor-widget-image\" data-id=\"488584a\" data-element_type=\"widget\" data-e-type=\"widget\" data-widget_type=\"image.default\">\n\t\t\t\t<div class=\"elementor-widget-container\">\n\t\t\t\t\t\t\t\t\t\t\t\t\t\t\t<img decoding=\"async\" width=\"300\" height=\"95\" src=\"https:\/\/moreda.com\/wp-content\/uploads\/2023\/05\/celsa-circular-steel-300x95.png\" class=\"attachment-medium size-medium wp-image-36743\" alt=\"Produits en acier fabriqu\u00e9s \u00e0 partir de ferraille\" srcset=\"https:\/\/moreda.com\/wp-content\/uploads\/2023\/05\/celsa-circular-steel-300x95.png 300w, https:\/\/moreda.com\/wp-content\/uploads\/2023\/05\/celsa-circular-steel.png 500w\" sizes=\"(max-width: 300px) 100vw, 300px\" \/>\t\t\t\t\t\t\t\t\t\t\t\t\t\t\t<\/div>\n\t\t\t\t<\/div>\n\t\t\t\t\t<\/div>\n\t\t<\/div>\n\t\t\t\t\t<\/div>\n\t\t<\/section>\n\t\t\t\t<section class=\"elementor-section elementor-inner-section elementor-element elementor-element-12f13ad elementor-hidden-widescreen elementor-hidden-desktop elementor-section-boxed elementor-section-height-default elementor-section-height-default\" data-id=\"12f13ad\" data-element_type=\"section\" data-e-type=\"section\">\n\t\t\t\t\t\t<div class=\"elementor-container elementor-column-gap-wider\">\n\t\t\t\t\t<div class=\"elementor-column elementor-col-100 elementor-inner-column elementor-element elementor-element-fb769a8\" data-id=\"fb769a8\" data-element_type=\"column\" data-e-type=\"column\">\n\t\t\t<div class=\"elementor-widget-wrap elementor-element-populated\">\n\t\t\t\t\t\t<div class=\"elementor-element elementor-element-371987b elementor-widget elementor-widget-image\" data-id=\"371987b\" data-element_type=\"widget\" data-e-type=\"widget\" data-widget_type=\"image.default\">\n\t\t\t\t<div class=\"elementor-widget-container\">\n\t\t\t\t\t\t\t\t\t\t\t\t\t\t\t<img decoding=\"async\" width=\"300\" height=\"300\" src=\"https:\/\/moreda.com\/wp-content\/uploads\/2023\/11\/schema-integration-verticale-300x300.png\" class=\"attachment-medium size-medium wp-image-36537\" alt=\"Sch\u00e9ma d&#039;int\u00e9gration verticale\" srcset=\"https:\/\/moreda.com\/wp-content\/uploads\/2023\/11\/schema-integration-verticale-300x300.png 300w, https:\/\/moreda.com\/wp-content\/uploads\/2023\/11\/schema-integration-verticale-150x150.png 150w, https:\/\/moreda.com\/wp-content\/uploads\/2023\/11\/schema-integration-verticale-500x500.png 500w, https:\/\/moreda.com\/wp-content\/uploads\/2023\/11\/schema-integration-verticale.png 627w\" sizes=\"(max-width: 300px) 100vw, 300px\" \/>\t\t\t\t\t\t\t\t\t\t\t\t\t\t\t<\/div>\n\t\t\t\t<\/div>\n\t\t\t\t\t<\/div>\n\t\t<\/div>\n\t\t\t\t\t<\/div>\n\t\t<\/section>\n\t\t\t\t\t<\/div>\n\t\t<\/div>\n\t\t\t\t\t<\/div>\n\t\t<\/section>\n\t\t\t\t<section class=\"elementor-section elementor-top-section elementor-element elementor-element-4ca3c32 elementor-section-boxed elementor-section-height-default elementor-section-height-default\" data-id=\"4ca3c32\" data-element_type=\"section\" data-e-type=\"section\">\n\t\t\t\t\t\t<div class=\"elementor-container elementor-column-gap-default\">\n\t\t\t\t\t<div class=\"elementor-column elementor-col-100 elementor-top-column elementor-element elementor-element-aa8a109\" data-id=\"aa8a109\" data-element_type=\"column\" data-e-type=\"column\">\n\t\t\t<div class=\"elementor-widget-wrap elementor-element-populated\">\n\t\t\t\t\t\t<div class=\"elementor-element elementor-element-4081aaa elementor-widget elementor-widget-text-editor\" data-id=\"4081aaa\" data-element_type=\"widget\" data-e-type=\"widget\" data-widget_type=\"text-editor.default\">\n\t\t\t\t<div class=\"elementor-widget-container\">\n\t\t\t\t\t\t\t\t\t<h2 style=\"text-align: left;\">Produits en acier fabriqu\u00e9s \u00e0 partir de 85\u00a0% de mat\u00e9riaux recycl\u00e9s<\/h2>\n<p>Chez MRT, nous intervenons dans cette cha\u00eene en transformant le fil fabriqu\u00e9 par les soci\u00e9t\u00e9s du groupe en fils machine et cl\u00f4tures. Chaque fil machine poss\u00e8de d\u00e9j\u00e0 sa propre d\u00e9claration environnementale de produit (DAP) avec de bons r\u00e9sultats. Les fils machine que nous utilisons pour fabriquer des produits tels que des <a href=\"https:\/\/moreda.com\/fr\/produits\/fil\/\">fils<\/a>, des <a href=\"https:\/\/moreda.com\/fr\/produits\/pointes-crampillons\/\">pointes et crampillons<\/a>, des <a href=\"https:\/\/moreda.com\/fr\/produits\/autres-clotures\/panneau-serrurier\/\">panneaux industriels<\/a>, des <a href=\"https:\/\/moreda.com\/fr\/produits\/mailles-soudees\/\">grillages soud\u00e9s<\/a>, des grillages <a href=\"https:\/\/moreda.com\/productos\/simple-torsion\/\">simples torsions<\/a>, des <a href=\"https:\/\/moreda.com\/fr\/produits\/grillages-noues\/\">grillages nou\u00e9s<\/a> et des <a href=\"https:\/\/moreda.com\/fr\/produits\/clotures-metalliques\/\">cl\u00f4tures<\/a>, contiennent au moins 85\u00a0% de mati\u00e8re recycl\u00e9e (ferraille). L\u2019analyse de leur cycle de vie est donc tr\u00e8s positive, contribuant ainsi \u00e0 la r\u00e9duction de l\u2019empreinte carbone de l\u2019entreprise.<\/p>\n\t\t\t\t\t\t\t\t<\/div>\n\t\t\t\t<\/div>\n\t\t\t\t\t<\/div>\n\t\t<\/div>\n\t\t\t\t\t<\/div>\n\t\t<\/section>\n\t\t\t\t<section class=\"elementor-section elementor-top-section elementor-element elementor-element-bf2d8d0 elementor-section-boxed elementor-section-height-default elementor-section-height-default\" data-id=\"bf2d8d0\" data-element_type=\"section\" data-e-type=\"section\">\n\t\t\t\t\t\t<div class=\"elementor-container elementor-column-gap-default\">\n\t\t\t\t\t<div class=\"elementor-column elementor-col-33 elementor-top-column elementor-element elementor-element-56f29d5\" data-id=\"56f29d5\" data-element_type=\"column\" data-e-type=\"column\">\n\t\t\t<div class=\"elementor-widget-wrap elementor-element-populated\">\n\t\t\t\t\t\t<div class=\"elementor-element elementor-element-e9fe1e6 elementor-widget elementor-widget-image\" data-id=\"e9fe1e6\" data-element_type=\"widget\" data-e-type=\"widget\" data-widget_type=\"image.default\">\n\t\t\t\t<div class=\"elementor-widget-container\">\n\t\t\t\t\t\t\t\t\t\t\t\t\t\t\t<img loading=\"lazy\" decoding=\"async\" width=\"500\" height=\"500\" src=\"https:\/\/moreda.com\/wp-content\/uploads\/2023\/05\/cuchara-fundicion-chatarra-reciclada-500x500.jpg\" class=\"attachment-Image Size 500x500 size-Image Size 500x500 wp-image-36737\" alt=\"Fusion de ferraille dans un four \u00e0 arc \u00e9lectrique\" srcset=\"https:\/\/moreda.com\/wp-content\/uploads\/2023\/05\/cuchara-fundicion-chatarra-reciclada-500x500.jpg 500w, https:\/\/moreda.com\/wp-content\/uploads\/2023\/05\/cuchara-fundicion-chatarra-reciclada-300x300.jpg 300w, https:\/\/moreda.com\/wp-content\/uploads\/2023\/05\/cuchara-fundicion-chatarra-reciclada-150x150.jpg 150w, https:\/\/moreda.com\/wp-content\/uploads\/2023\/05\/cuchara-fundicion-chatarra-reciclada-768x768.jpg 768w, https:\/\/moreda.com\/wp-content\/uploads\/2023\/05\/cuchara-fundicion-chatarra-reciclada.jpg 1024w\" sizes=\"(max-width: 500px) 100vw, 500px\" \/>\t\t\t\t\t\t\t\t\t\t\t\t\t\t\t<\/div>\n\t\t\t\t<\/div>\n\t\t\t\t\t<\/div>\n\t\t<\/div>\n\t\t\t\t<div class=\"elementor-column elementor-col-33 elementor-top-column elementor-element elementor-element-5755beb\" data-id=\"5755beb\" data-element_type=\"column\" data-e-type=\"column\">\n\t\t\t<div class=\"elementor-widget-wrap elementor-element-populated\">\n\t\t\t\t\t\t<div class=\"elementor-element elementor-element-bf7eb0d elementor-widget elementor-widget-image\" data-id=\"bf7eb0d\" data-element_type=\"widget\" data-e-type=\"widget\" data-widget_type=\"image.default\">\n\t\t\t\t<div class=\"elementor-widget-container\">\n\t\t\t\t\t\t\t\t\t\t\t\t\t\t\t<img loading=\"lazy\" decoding=\"async\" width=\"500\" height=\"500\" src=\"https:\/\/moreda.com\/wp-content\/uploads\/2023\/05\/materia-prima-alambron-circular-500x500.jpg\" class=\"attachment-Image Size 500x500 size-Image Size 500x500 wp-image-36739\" alt=\"Fil machine du groupe CELSA\" srcset=\"https:\/\/moreda.com\/wp-content\/uploads\/2023\/05\/materia-prima-alambron-circular-500x500.jpg 500w, https:\/\/moreda.com\/wp-content\/uploads\/2023\/05\/materia-prima-alambron-circular-300x300.jpg 300w, https:\/\/moreda.com\/wp-content\/uploads\/2023\/05\/materia-prima-alambron-circular-150x150.jpg 150w, https:\/\/moreda.com\/wp-content\/uploads\/2023\/05\/materia-prima-alambron-circular.jpg 512w\" sizes=\"(max-width: 500px) 100vw, 500px\" \/>\t\t\t\t\t\t\t\t\t\t\t\t\t\t\t<\/div>\n\t\t\t\t<\/div>\n\t\t\t\t\t<\/div>\n\t\t<\/div>\n\t\t\t\t<div class=\"elementor-column elementor-col-33 elementor-top-column elementor-element elementor-element-092a08b\" data-id=\"092a08b\" data-element_type=\"column\" data-e-type=\"column\">\n\t\t\t<div class=\"elementor-widget-wrap elementor-element-populated\">\n\t\t\t\t\t\t<div class=\"elementor-element elementor-element-fb3ae2c elementor-widget elementor-widget-image\" data-id=\"fb3ae2c\" data-element_type=\"widget\" data-e-type=\"widget\" data-widget_type=\"image.default\">\n\t\t\t\t<div class=\"elementor-widget-container\">\n\t\t\t\t\t\t\t\t\t\t\t\t\t\t\t<img loading=\"lazy\" decoding=\"async\" width=\"500\" height=\"500\" src=\"https:\/\/moreda.com\/wp-content\/uploads\/2023\/05\/alambre-galvanizado-mrt-500x500.jpg\" class=\"attachment-Image Size 500x500 size-Image Size 500x500 wp-image-36741\" alt=\"Fil tr\u00e9fil\u00e9 et galvanis\u00e9 \u00e0 partir de fil machine fourni par le groupe\" srcset=\"https:\/\/moreda.com\/wp-content\/uploads\/2023\/05\/alambre-galvanizado-mrt-500x500.jpg 500w, https:\/\/moreda.com\/wp-content\/uploads\/2023\/05\/alambre-galvanizado-mrt-300x300.jpg 300w, https:\/\/moreda.com\/wp-content\/uploads\/2023\/05\/alambre-galvanizado-mrt-150x150.jpg 150w, https:\/\/moreda.com\/wp-content\/uploads\/2023\/05\/alambre-galvanizado-mrt-768x768.jpg 768w, https:\/\/moreda.com\/wp-content\/uploads\/2023\/05\/alambre-galvanizado-mrt.jpg 1024w\" sizes=\"(max-width: 500px) 100vw, 500px\" \/>\t\t\t\t\t\t\t\t\t\t\t\t\t\t\t<\/div>\n\t\t\t\t<\/div>\n\t\t\t\t\t<\/div>\n\t\t<\/div>\n\t\t\t\t\t<\/div>\n\t\t<\/section>\n\t\t\t\t<section class=\"elementor-section elementor-top-section elementor-element elementor-element-ae31f4e elementor-section-boxed elementor-section-height-default elementor-section-height-default\" data-id=\"ae31f4e\" data-element_type=\"section\" data-e-type=\"section\">\n\t\t\t\t\t\t<div class=\"elementor-container elementor-column-gap-default\">\n\t\t\t\t\t<div class=\"elementor-column elementor-col-100 elementor-top-column elementor-element elementor-element-eaabc65\" data-id=\"eaabc65\" data-element_type=\"column\" data-e-type=\"column\">\n\t\t\t<div class=\"elementor-widget-wrap elementor-element-populated\">\n\t\t\t\t\t\t<div class=\"elementor-element elementor-element-66e1ce6 elementor-widget elementor-widget-spacer\" data-id=\"66e1ce6\" data-element_type=\"widget\" data-e-type=\"widget\" data-widget_type=\"spacer.default\">\n\t\t\t\t<div class=\"elementor-widget-container\">\n\t\t\t\t\t\t\t<div class=\"elementor-spacer\">\n\t\t\t<div class=\"elementor-spacer-inner\"><\/div>\n\t\t<\/div>\n\t\t\t\t\t\t<\/div>\n\t\t\t\t<\/div>\n\t\t\t\t\t<\/div>\n\t\t<\/div>\n\t\t\t\t\t<\/div>\n\t\t<\/section>\n\t\t\t\t<\/div>\n\t\t","protected":false},"excerpt":{"rendered":"<p>INT\u00c9GRATION VERTICAL ET CIRCULARIT\u00c9 Home Int\u00e9gration verticale et circularit\u00e9 En tant que groupe, nous sommes de plus en plus int\u00e9gr\u00e9s verticalement, tant en amont qu&#8217;en aval. Cette int\u00e9gration tout au long de la cha\u00eene de valeur de l&#8217;acier nous permet d&#8217;obtenir des synergies, d&#8217;\u00eatre plus efficaces tant sur le plan environnemental qu&#8217;\u00e9nerg\u00e9tique, de faciliter la [&hellip;]<\/p>\n","protected":false},"author":30,"featured_media":36537,"parent":37994,"menu_order":0,"comment_status":"closed","ping_status":"open","template":"elementor_header_footer","meta":{"_acf_changed":false,"footnotes":""},"class_list":["post-37691","page","type-page","status-publish","has-post-thumbnail","hentry"],"acf":[],"yoast_head":"<!-- This site is optimized with the Yoast SEO plugin v27.2 - https:\/\/yoast.com\/product\/yoast-seo-wordpress\/ -->\n<title>Int\u00e9gration verticale et circularit\u00e9 - Moreda Riviere Trefiler\u00edas. Fabricante de vallas y alambres<\/title>\n<meta name=\"description\" content=\"Le groupe \u00e9tant de plus en plus int\u00e9gr\u00e9 verticalement, MRT participe \u00e0 cette cha\u00eene circulaire en fabriquant des fils et des cl\u00f4tures.\" \/>\n<meta name=\"robots\" content=\"index, follow, max-snippet:-1, max-image-preview:large, max-video-preview:-1\" \/>\n<link rel=\"canonical\" href=\"https:\/\/moreda.com\/fr\/a-propos-de-mrt\/integration-verticale-circularite\/\" \/>\n<meta property=\"og:locale\" content=\"fr_FR\" \/>\n<meta property=\"og:type\" content=\"article\" \/>\n<meta property=\"og:title\" content=\"Int\u00e9gration verticale et circularit\u00e9 - Moreda Riviere Trefiler\u00edas. Fabricante de vallas y alambres\" \/>\n<meta property=\"og:description\" content=\"Le groupe \u00e9tant de plus en plus int\u00e9gr\u00e9 verticalement, MRT participe \u00e0 cette cha\u00eene circulaire en fabriquant des fils et des cl\u00f4tures.\" \/>\n<meta property=\"og:url\" content=\"https:\/\/moreda.com\/fr\/a-propos-de-mrt\/integration-verticale-circularite\/\" \/>\n<meta property=\"og:site_name\" content=\"MRT\" \/>\n<meta property=\"article:publisher\" content=\"https:\/\/www.facebook.com\/moredarivieretrefileriassa\" \/>\n<meta property=\"article:modified_time\" content=\"2024-08-07T12:05:22+00:00\" \/>\n<meta property=\"og:image\" content=\"https:\/\/moreda.com\/wp-content\/uploads\/2023\/11\/schema-integration-verticale.png\" \/>\n\t<meta property=\"og:image:width\" content=\"627\" \/>\n\t<meta property=\"og:image:height\" content=\"625\" \/>\n\t<meta property=\"og:image:type\" content=\"image\/png\" \/>\n<meta name=\"twitter:card\" content=\"summary_large_image\" \/>\n<meta name=\"twitter:site\" content=\"@MoredaRiviere\" \/>\n<meta name=\"twitter:label1\" content=\"Dur\u00e9e de lecture estim\u00e9e\" \/>\n\t<meta name=\"twitter:data1\" content=\"3 minutes\" \/>\n<script type=\"application\/ld+json\" class=\"yoast-schema-graph\">{\"@context\":\"https:\/\/schema.org\",\"@graph\":[{\"@type\":\"WebPage\",\"@id\":\"https:\/\/moreda.com\/fr\/a-propos-de-mrt\/integration-verticale-circularite\/\",\"url\":\"https:\/\/moreda.com\/fr\/a-propos-de-mrt\/integration-verticale-circularite\/\",\"name\":\"Int\u00e9gration verticale et circularit\u00e9 - Moreda Riviere Trefiler\u00edas. Fabricante de vallas y alambres\",\"isPartOf\":{\"@id\":\"https:\/\/moreda.com\/fr\/#website\"},\"primaryImageOfPage\":{\"@id\":\"https:\/\/moreda.com\/fr\/a-propos-de-mrt\/integration-verticale-circularite\/#primaryimage\"},\"image\":{\"@id\":\"https:\/\/moreda.com\/fr\/a-propos-de-mrt\/integration-verticale-circularite\/#primaryimage\"},\"thumbnailUrl\":\"https:\/\/moreda.com\/wp-content\/uploads\/2023\/11\/schema-integration-verticale.png\",\"datePublished\":\"2023-05-19T09:33:18+00:00\",\"dateModified\":\"2024-08-07T12:05:22+00:00\",\"description\":\"Le groupe \u00e9tant de plus en plus int\u00e9gr\u00e9 verticalement, MRT participe \u00e0 cette cha\u00eene circulaire en fabriquant des fils et des cl\u00f4tures.\",\"breadcrumb\":{\"@id\":\"https:\/\/moreda.com\/fr\/a-propos-de-mrt\/integration-verticale-circularite\/#breadcrumb\"},\"inLanguage\":\"fr-FR\",\"potentialAction\":[{\"@type\":\"ReadAction\",\"target\":[\"https:\/\/moreda.com\/fr\/a-propos-de-mrt\/integration-verticale-circularite\/\"]}]},{\"@type\":\"ImageObject\",\"inLanguage\":\"fr-FR\",\"@id\":\"https:\/\/moreda.com\/fr\/a-propos-de-mrt\/integration-verticale-circularite\/#primaryimage\",\"url\":\"https:\/\/moreda.com\/wp-content\/uploads\/2023\/11\/schema-integration-verticale.png\",\"contentUrl\":\"https:\/\/moreda.com\/wp-content\/uploads\/2023\/11\/schema-integration-verticale.png\",\"width\":627,\"height\":625,\"caption\":\"Sch\u00e9ma d'int\u00e9gration verticale\"},{\"@type\":\"BreadcrumbList\",\"@id\":\"https:\/\/moreda.com\/fr\/a-propos-de-mrt\/integration-verticale-circularite\/#breadcrumb\",\"itemListElement\":[{\"@type\":\"ListItem\",\"position\":1,\"name\":\"Portada\",\"item\":\"https:\/\/moreda.com\/fr\/home\/\"},{\"@type\":\"ListItem\",\"position\":2,\"name\":\"\u00c0 propos de MRT\",\"item\":\"https:\/\/moreda.com\/fr\/a-propos-de-mrt\/\"},{\"@type\":\"ListItem\",\"position\":3,\"name\":\"Int\u00e9gration verticale et circularit\u00e9\"}]},{\"@type\":\"WebSite\",\"@id\":\"https:\/\/moreda.com\/fr\/#website\",\"url\":\"https:\/\/moreda.com\/fr\/\",\"name\":\"MRT - Moreda Riviere Trefiler\u00edas\",\"description\":\"Moreda Riviere Trefiler\u00edas. Fabricante de vallas y alambres\",\"publisher\":{\"@id\":\"https:\/\/moreda.com\/fr\/#organization\"},\"alternateName\":\"MRT\",\"potentialAction\":[{\"@type\":\"SearchAction\",\"target\":{\"@type\":\"EntryPoint\",\"urlTemplate\":\"https:\/\/moreda.com\/fr\/?s={search_term_string}\"},\"query-input\":{\"@type\":\"PropertyValueSpecification\",\"valueRequired\":true,\"valueName\":\"search_term_string\"}}],\"inLanguage\":\"fr-FR\"},{\"@type\":\"Organization\",\"@id\":\"https:\/\/moreda.com\/fr\/#organization\",\"name\":\"Moreda Riviere Trefiler\u00edas\",\"alternateName\":\"MRT\",\"url\":\"https:\/\/moreda.com\/fr\/\",\"logo\":{\"@type\":\"ImageObject\",\"inLanguage\":\"fr-FR\",\"@id\":\"https:\/\/moreda.com\/fr\/#\/schema\/logo\/image\/\",\"url\":\"https:\/\/moreda.com\/wp-content\/uploads\/2022\/05\/logo-moreda-stiky.svg\",\"contentUrl\":\"https:\/\/moreda.com\/wp-content\/uploads\/2022\/05\/logo-moreda-stiky.svg\",\"width\":541,\"height\":247,\"caption\":\"Moreda Riviere Trefiler\u00edas\"},\"image\":{\"@id\":\"https:\/\/moreda.com\/fr\/#\/schema\/logo\/image\/\"},\"sameAs\":[\"https:\/\/www.facebook.com\/moredarivieretrefileriassa\",\"https:\/\/x.com\/MoredaRiviere\",\"https:\/\/www.youtube.com\/user\/MOREDARIVIERE\",\"https:\/\/www.linkedin.com\/company\/trefilerias-moreda-riviere\",\"https:\/\/www.instagram.com\/moreda.riviere.trefilerias\/\"]}]}<\/script>\n<!-- \/ Yoast SEO plugin. -->","yoast_head_json":{"title":"Int\u00e9gration verticale et circularit\u00e9 - Moreda Riviere Trefiler\u00edas. Fabricante de vallas y alambres","description":"Le groupe \u00e9tant de plus en plus int\u00e9gr\u00e9 verticalement, MRT participe \u00e0 cette cha\u00eene circulaire en fabriquant des fils et des cl\u00f4tures.","robots":{"index":"index","follow":"follow","max-snippet":"max-snippet:-1","max-image-preview":"max-image-preview:large","max-video-preview":"max-video-preview:-1"},"canonical":"https:\/\/moreda.com\/fr\/a-propos-de-mrt\/integration-verticale-circularite\/","og_locale":"fr_FR","og_type":"article","og_title":"Int\u00e9gration verticale et circularit\u00e9 - Moreda Riviere Trefiler\u00edas. Fabricante de vallas y alambres","og_description":"Le groupe \u00e9tant de plus en plus int\u00e9gr\u00e9 verticalement, MRT participe \u00e0 cette cha\u00eene circulaire en fabriquant des fils et des cl\u00f4tures.","og_url":"https:\/\/moreda.com\/fr\/a-propos-de-mrt\/integration-verticale-circularite\/","og_site_name":"MRT","article_publisher":"https:\/\/www.facebook.com\/moredarivieretrefileriassa","article_modified_time":"2024-08-07T12:05:22+00:00","og_image":[{"width":627,"height":625,"url":"https:\/\/moreda.com\/wp-content\/uploads\/2023\/11\/schema-integration-verticale.png","type":"image\/png"}],"twitter_card":"summary_large_image","twitter_site":"@MoredaRiviere","twitter_misc":{"Dur\u00e9e de lecture estim\u00e9e":"3 minutes"},"schema":{"@context":"https:\/\/schema.org","@graph":[{"@type":"WebPage","@id":"https:\/\/moreda.com\/fr\/a-propos-de-mrt\/integration-verticale-circularite\/","url":"https:\/\/moreda.com\/fr\/a-propos-de-mrt\/integration-verticale-circularite\/","name":"Int\u00e9gration verticale et circularit\u00e9 - Moreda Riviere Trefiler\u00edas. Fabricante de vallas y alambres","isPartOf":{"@id":"https:\/\/moreda.com\/fr\/#website"},"primaryImageOfPage":{"@id":"https:\/\/moreda.com\/fr\/a-propos-de-mrt\/integration-verticale-circularite\/#primaryimage"},"image":{"@id":"https:\/\/moreda.com\/fr\/a-propos-de-mrt\/integration-verticale-circularite\/#primaryimage"},"thumbnailUrl":"https:\/\/moreda.com\/wp-content\/uploads\/2023\/11\/schema-integration-verticale.png","datePublished":"2023-05-19T09:33:18+00:00","dateModified":"2024-08-07T12:05:22+00:00","description":"Le groupe \u00e9tant de plus en plus int\u00e9gr\u00e9 verticalement, MRT participe \u00e0 cette cha\u00eene circulaire en fabriquant des fils et des cl\u00f4tures.","breadcrumb":{"@id":"https:\/\/moreda.com\/fr\/a-propos-de-mrt\/integration-verticale-circularite\/#breadcrumb"},"inLanguage":"fr-FR","potentialAction":[{"@type":"ReadAction","target":["https:\/\/moreda.com\/fr\/a-propos-de-mrt\/integration-verticale-circularite\/"]}]},{"@type":"ImageObject","inLanguage":"fr-FR","@id":"https:\/\/moreda.com\/fr\/a-propos-de-mrt\/integration-verticale-circularite\/#primaryimage","url":"https:\/\/moreda.com\/wp-content\/uploads\/2023\/11\/schema-integration-verticale.png","contentUrl":"https:\/\/moreda.com\/wp-content\/uploads\/2023\/11\/schema-integration-verticale.png","width":627,"height":625,"caption":"Sch\u00e9ma d'int\u00e9gration verticale"},{"@type":"BreadcrumbList","@id":"https:\/\/moreda.com\/fr\/a-propos-de-mrt\/integration-verticale-circularite\/#breadcrumb","itemListElement":[{"@type":"ListItem","position":1,"name":"Portada","item":"https:\/\/moreda.com\/fr\/home\/"},{"@type":"ListItem","position":2,"name":"\u00c0 propos de MRT","item":"https:\/\/moreda.com\/fr\/a-propos-de-mrt\/"},{"@type":"ListItem","position":3,"name":"Int\u00e9gration verticale et circularit\u00e9"}]},{"@type":"WebSite","@id":"https:\/\/moreda.com\/fr\/#website","url":"https:\/\/moreda.com\/fr\/","name":"MRT - Moreda Riviere Trefiler\u00edas","description":"Moreda Riviere Trefiler\u00edas. Fabricante de vallas y alambres","publisher":{"@id":"https:\/\/moreda.com\/fr\/#organization"},"alternateName":"MRT","potentialAction":[{"@type":"SearchAction","target":{"@type":"EntryPoint","urlTemplate":"https:\/\/moreda.com\/fr\/?s={search_term_string}"},"query-input":{"@type":"PropertyValueSpecification","valueRequired":true,"valueName":"search_term_string"}}],"inLanguage":"fr-FR"},{"@type":"Organization","@id":"https:\/\/moreda.com\/fr\/#organization","name":"Moreda Riviere Trefiler\u00edas","alternateName":"MRT","url":"https:\/\/moreda.com\/fr\/","logo":{"@type":"ImageObject","inLanguage":"fr-FR","@id":"https:\/\/moreda.com\/fr\/#\/schema\/logo\/image\/","url":"https:\/\/moreda.com\/wp-content\/uploads\/2022\/05\/logo-moreda-stiky.svg","contentUrl":"https:\/\/moreda.com\/wp-content\/uploads\/2022\/05\/logo-moreda-stiky.svg","width":541,"height":247,"caption":"Moreda Riviere Trefiler\u00edas"},"image":{"@id":"https:\/\/moreda.com\/fr\/#\/schema\/logo\/image\/"},"sameAs":["https:\/\/www.facebook.com\/moredarivieretrefileriassa","https:\/\/x.com\/MoredaRiviere","https:\/\/www.youtube.com\/user\/MOREDARIVIERE","https:\/\/www.linkedin.com\/company\/trefilerias-moreda-riviere","https:\/\/www.instagram.com\/moreda.riviere.trefilerias\/"]}]}},"_links":{"self":[{"href":"https:\/\/moreda.com\/fr\/wp-json\/wp\/v2\/pages\/37691","targetHints":{"allow":["GET"]}}],"collection":[{"href":"https:\/\/moreda.com\/fr\/wp-json\/wp\/v2\/pages"}],"about":[{"href":"https:\/\/moreda.com\/fr\/wp-json\/wp\/v2\/types\/page"}],"author":[{"embeddable":true,"href":"https:\/\/moreda.com\/fr\/wp-json\/wp\/v2\/users\/30"}],"replies":[{"embeddable":true,"href":"https:\/\/moreda.com\/fr\/wp-json\/wp\/v2\/comments?post=37691"}],"version-history":[{"count":17,"href":"https:\/\/moreda.com\/fr\/wp-json\/wp\/v2\/pages\/37691\/revisions"}],"predecessor-version":[{"id":50313,"href":"https:\/\/moreda.com\/fr\/wp-json\/wp\/v2\/pages\/37691\/revisions\/50313"}],"up":[{"embeddable":true,"href":"https:\/\/moreda.com\/fr\/wp-json\/wp\/v2\/pages\/37994"}],"wp:featuredmedia":[{"embeddable":true,"href":"https:\/\/moreda.com\/fr\/wp-json\/wp\/v2\/media\/36537"}],"wp:attachment":[{"href":"https:\/\/moreda.com\/fr\/wp-json\/wp\/v2\/media?parent=37691"}],"curies":[{"name":"wp","href":"https:\/\/api.w.org\/{rel}","templated":true}]}}